{"id":442,"date":"2026-02-04T12:06:00","date_gmt":"2026-02-04T11:06:00","guid":{"rendered":"https:\/\/www.lequilibreenmouvement.fr\/?page_id=442"},"modified":"2026-02-04T12:31:22","modified_gmt":"2026-02-04T11:31:22","slug":"politique-de-confidentialite","status":"publish","type":"page","link":"https:\/\/www.lequilibreenmouvement.fr\/index.php\/politique-de-confidentialite\/","title":{"rendered":"Politique de confidentialit\u00e9"},"content":{"rendered":"<div data-colibri-id=\"442-c1\" class=\"style-435 style-local-442-c1 position-relative\">\n  <!---->\n  <div data-colibri-component=\"section\" data-colibri-id=\"442-c2\" id=\"custom\" class=\"h-section h-section-global-spacing d-flex align-items-lg-center align-items-md-center align-items-center style-436 style-local-442-c2 position-relative\">\n    <!---->\n    <!---->\n    <div class=\"h-section-grid-container h-section-boxed-container\">\n      <!---->\n      <div data-colibri-id=\"442-c3\" class=\"h-row-container gutters-row-lg-2 gutters-row-md-2 gutters-row-0 gutters-row-v-lg-2 gutters-row-v-md-2 gutters-row-v-2 style-437 style-local-442-c3 position-relative\">\n        <!---->\n        <div class=\"h-row justify-content-lg-center justify-content-md-center justify-content-center align-items-lg-stretch align-items-md-stretch align-items-stretch gutters-col-lg-2 gutters-col-md-2 gutters-col-0 gutters-col-v-lg-2 gutters-col-v-md-2 gutters-col-v-2\">\n          <!---->\n          <div class=\"h-column h-column-container d-flex h-col-lg-auto h-col-md-auto h-col-auto style-438-outer style-local-442-c4-outer\">\n            <div data-colibri-id=\"442-c4\" class=\"d-flex h-flex-basis h-column__inner h-px-lg-2 h-px-md-2 h-px-2 v-inner-lg-2 v-inner-md-2 v-inner-2 style-438 style-local-442-c4 position-relative\">\n              <!---->\n              <!---->\n              <div class=\"w-100 h-y-container h-column__content h-column__v-align flex-basis-100 align-self-lg-start align-self-md-start align-self-start\">\n                <!---->\n                <div data-colibri-id=\"442-c5\" class=\"h-text h-text-component style-439 style-local-442-c5 position-relative h-element\">\n                  <!---->\n                  <!---->\n                  <div class=\"\">\n                    <h4>1. Dispositions en mati\u00e8re de protection des donn\u00e9es personnelles<\/h4>\n                    <p>Depuis le 25 mai 2018, le r\u00e8glement g\u00e9n\u00e9ral sur la protection des donn\u00e9es \u2013 RGPD est entr\u00e9 en vigueur. Ce r\u00e8glement a pour objectif de donner aux citoyens europ\u00e9ens un meilleur contr\u00f4le sur leurs donn\u00e9es personnelles.<\/p>\n                    <p>L\u2019\u00e9quilibre en mouvement adopte les r\u00e8gles mises en place en mati\u00e8re de respect de la vie priv\u00e9e de tous ses membres adh\u00e9rents.<\/p>\n                    <p>L\u2019acceptation du recueil (par formulaire papier ou formulaire en ligne) et du traitement des donn\u00e9es personnelles est une condition n\u00e9cessaire pour pouvoir s\u2019affilier \u00e0 l\u2019\u00e9cole et s\u2019inscrire aux activit\u00e9s qu\u2019elle organise. Ces informations\n                      sont \u00e9galement n\u00e9cessaires pour les \u00e9ventuels traitements de d\u00e9claration d\u2019accident et de questions d\u2019assurance qui font suite \u00e0 des blessures encourues en tant que sportif, officiel ou b\u00e9n\u00e9vole, l\u2019envoi de documentation ou d\u2019informations\n                      diverses et afin de r\u00e9pondre aux dispositions l\u00e9gales ou r\u00e9glementaires auxquelles l\u2019\u00e9cole est soumise.<\/p>\n                    <p>&nbsp;<\/p>\n                    <p><strong style=\"color: rgb(47, 53, 63); font-family: robotobold;\">L\u2019\u00e9cole s\u2019engage \u00e0 ne pas vendre, louer, c\u00e9der ni donner acc\u00e8s \u00e0 des tiers aux donn\u00e9es sans le consentement pr\u00e9alable de la personne concern\u00e9e.&nbsp;L\u2019acc\u00e8s&nbsp;et le traitement aux donn\u00e9es personnelles sont strictement limit\u00e9s au personnel de l\u2019\u00e9cole. Ceux-ci sont soumis \u00e0 une obligation de confidentialit\u00e9 et ne peuvent utiliser ces donn\u00e9es&nbsp;qu\u2019en conformit\u00e9 avec nos dispositions \u00e9thiques, contractuelles et la l\u00e9gislation applicable.<\/strong><\/p>\n                    <p>&nbsp;<\/p>\n                    <p>Tous les moyens aptes \u00e0 assurer la confidentialit\u00e9 et la s\u00e9curit\u00e9 des donn\u00e9es personnelles, de mani\u00e8re \u00e0 emp\u00eacher leur endommagement, effacement ou acc\u00e8s par des tiers non autoris\u00e9s sont mis en place. Si un incident devait tout de\n                      m\u00eame se pr\u00e9senter, dans le cadre duquel des donn\u00e9es sont impact\u00e9es, les personnes concern\u00e9es seront personnellement averties.<\/p>\n                    <p>Les membres adh\u00e9rents peuvent&nbsp;exercer&nbsp;plusieurs droits en soumettant la demande \u00e0&nbsp;\n                      <a href=\"mailto:vie-privee@castorclub-mons.be\" style=\"color: rgb(75, 82, 93);\">news@new.taijiquan.be<\/a>&nbsp;ou&nbsp;\n                      <a href=\"mailto:info@new.taijiquan.be\" style=\"color: rgb(75, 82, 93);\">info@new.taijiquan.be<\/a>&nbsp;(il est imp\u00e9ratif de joindre une preuve d\u2019identit\u00e9)&nbsp;:<\/p>\n                    <ul>\n                      <li>Consultation des donn\u00e9es personnelles qui sont en possession de l\u2019\u00e9cole, en cas d\u2019absence de r\u00e9ponse, r\u00e9ponse n\u00e9gative ou de r\u00e9ponse incompl\u00e8te de la part de l\u2019\u00e9cole, il est possible de contacter l\u2019Autorit\u00e9 de protection de donn\u00e9es.<\/li>\n                      <li>Suppression ou adaptation des donn\u00e9es incompl\u00e8tes, inexactes, inappropri\u00e9es ou d\u00e9pass\u00e9es. En fonction de la demande, l\u2019affiliation au sein de l\u2019\u00e9cole pourrait \u00eatre supprim\u00e9e.<\/li>\n                    <\/ul>\n                    <p>L\u2019\u00e9cole s\u2019engage \u00e0 ne pas stocker les donn\u00e9es personnelles plus longtemps que n\u00e9cessaire pour nos services dans le but pour lequel les donn\u00e9es sont&nbsp;collect\u00e9es.&nbsp;Cependant, les p\u00e9riodes de r\u00e9tention peuvent varier selon le\n                      but.&nbsp;&nbsp;<\/p>\n                    <p>Nous tenons \u00e9galement \u00e0 vous informer que les donn\u00e9es relatives \u00e0 la sant\u00e9 (certificat m\u00e9dical d\u2019aptitude \u00e0 la pratique d\u2019un sport, remarques physiologiques) sont des donn\u00e9es personnelles sensibles et que le RGPD nous impose une attention\n                      renforc\u00e9e. D\u00e8s lors, l\u2019\u00e9cole a besoin d\u2019un consentement explicite de la part du membre adh\u00e9rent concern\u00e9.<\/p>\n                    <p>&nbsp;<\/p>\n                    <h4>2) Dispositions en mati\u00e8re de droit \u00e0 l\u2019image<\/h4>\n                    <p>Le droit \u00e0 l\u2019image est le droit de toute personne de disposer de son image. Concr\u00e8tement, ce droit permet \u00e0 une personne de s\u2019opposer \u00e0 la publication, diffusion ou utilisation, commerciale ou non, de son image au nom du respect de\n                      la vie priv\u00e9e.<\/p>\n                    <p>Avant toute publication d\u2019une photo, sous forme papier ou \u00e9lectronique, le diffuseur doit obtenir l\u2019autorisation de diffusion de la personne concern\u00e9e. Il faut que cette personne soit clairement reconnaissable sur le support en question.<\/p>\n                    <p>L\u2019id\u00e9al serait m\u00eame de demander le consentement de la personne avant de la photographier car le fait en soit de prendre une photo ne correspond en rien \u00e0 un consentement tacite.<\/p>\n                    <h4>Publication sur des pages Internet et r\u00e9seaux sociaux&nbsp;?<\/h4>\n                    <p>D\u2019une part, il est important de s\u2019assurer qu\u2019avant la publication d\u2019une photo en ligne les personnes repr\u00e9sent\u00e9es et clairement reconnaissables soient d\u2019accord avec la diffusion de cette image.<\/p>\n                    <p>D\u2019autre part, le droit \u00e0 l\u2019image constitue un outil de protection de la vie priv\u00e9e et peut \u00eatre invoqu\u00e9 pour faire enlever des photos pour lesquels les personnes concern\u00e9es n\u2019avaient pas donn\u00e9 leur consentement au pr\u00e9alable.<\/p>\n                    <p>Concr\u00e8tement, il est obligatoire d\u2019obtenir l\u2019autorisation du membre ou du repr\u00e9sentant l\u00e9gal pour toute diffusion d\u2019images (photos ou vid\u00e9os) dans&nbsp;:<\/p>\n                    <ul>\n                      <li>Les outils de communications internes de l\u2019\u00e9cole (revues aux membres, emails, groupes ferm\u00e9s sur m\u00e9dias sociaux\u2026)<\/li>\n                      <li>Les publications externes de l\u2019\u00e9cole (affiches, sites Internet, pages Facebook, reportages Vid\u00e9os\u2026)<\/li>\n                    <\/ul>\n                    <p>Lors de l\u2019inscription, l\u2019\u00e9cole veuillera donc \u00e0 obtenir les autorisations de diffusion n\u00e9cessaires.<\/p>\n                    <p>Pour toute publication d\u2019images de membres de l\u2019\u00e9cole en dehors des m\u00e9dias attitr\u00e9s \u00e0 l\u2019\u00e9cole, le diffuseur se chargera d\u2019obtenir l\u2019autorisation de diffusion et l\u2019\u00e9cole ne pourra pas \u00eatre tenue responsable.<\/p>\n                  <\/div>\n                <\/div>\n              <\/div>\n            <\/div>\n          <\/div>\n        <\/div>\n      <\/div>\n    <\/div>\n  <\/div>\n<\/div>","protected":false},"excerpt":{"rendered":"<p>1. Dispositions en mati\u00e8re de protection des donn\u00e9es personnelles Depuis le 25 mai 2018, le r\u00e8glement g\u00e9n\u00e9ral sur la protection des donn\u00e9es \u2013 RGPD est entr\u00e9 en vigueur. Ce r\u00e8glement a pour objectif de donner aux citoyens europ\u00e9ens un meilleur contr\u00f4le sur leurs donn\u00e9es personnelles. L\u2019\u00e9quilibre en mouvement adopte les r\u00e8gles mises en place en [&hellip;]<\/p>\n","protected":false},"author":1,"featured_media":0,"parent":0,"menu_order":0,"comment_status":"closed","ping_status":"closed","template":"page-templates\/full-width-page.php","meta":{"footnotes":""},"class_list":["post-442","page","type-page","status-publish","hentry"],"jetpack_sharing_enabled":true,"jetpack_likes_enabled":true,"_links":{"self":[{"href":"https:\/\/www.lequilibreenmouvement.fr\/index.php\/wp-json\/wp\/v2\/pages\/442","targetHints":{"allow":["GET"]}}],"collection":[{"href":"https:\/\/www.lequilibreenmouvement.fr\/index.php\/wp-json\/wp\/v2\/pages"}],"about":[{"href":"https:\/\/www.lequilibreenmouvement.fr\/index.php\/wp-json\/wp\/v2\/types\/page"}],"author":[{"embeddable":true,"href":"https:\/\/www.lequilibreenmouvement.fr\/index.php\/wp-json\/wp\/v2\/users\/1"}],"replies":[{"embeddable":true,"href":"https:\/\/www.lequilibreenmouvement.fr\/index.php\/wp-json\/wp\/v2\/comments?post=442"}],"version-history":[{"count":4,"href":"https:\/\/www.lequilibreenmouvement.fr\/index.php\/wp-json\/wp\/v2\/pages\/442\/revisions"}],"predecessor-version":[{"id":478,"href":"https:\/\/www.lequilibreenmouvement.fr\/index.php\/wp-json\/wp\/v2\/pages\/442\/revisions\/478"}],"wp:attachment":[{"href":"https:\/\/www.lequilibreenmouvement.fr\/index.php\/wp-json\/wp\/v2\/media?parent=442"}],"curies":[{"name":"wp","href":"https:\/\/api.w.org\/{rel}","templated":true}]}}